{"id":6780,"date":"2023-01-17T11:49:49","date_gmt":"2023-01-17T10:49:49","guid":{"rendered":"https:\/\/www.bibicomedia.fr\/?post_type=product&#038;p=6780"},"modified":"2026-03-25T19:55:46","modified_gmt":"2026-03-25T18:55:46","slug":"carte-adherent-duo","status":"publish","type":"product","link":"https:\/\/www.bibicomedia.fr\/index.php\/produit\/carte-adherent-duo\/","title":{"rendered":"CARTE ADH\u00c9RENT DUO"},"content":{"rendered":"<p>Je souhaite adh\u00e9rer \u00e0 l&rsquo;association \u00ab\u00a0Centre Artistique de Tom\u00a0\u00bb &#8211; BIBI COMEDIA<\/p>\n<p>Le montant pour l&rsquo;ann\u00e9e est de 20\u20ac pour la formule duo (couple).<\/p>\n<p>Votre carte d&rsquo;adh\u00e9rent vous sera remise lors de votre venue au th\u00e9\u00e2tre et vous donne droit \u00e0 :<\/p>\n<ul>\n<li>B\u00e9n\u00e9ficier du tarif r\u00e9duit adh\u00e9rent<\/li>\n<li>Pouvoir choisir votre emplacement dans la salle (place r\u00e9serv\u00e9es) &#8211; Plus besoin de venir trop en avance.<\/li>\n<li>1 soir\u00e9e VIP offerte (une invitation vous sera envoy\u00e9e avec la date et l&rsquo;heure du spectacle)<\/li>\n<\/ul>\n<p>La carte \u00ab\u00a0BIBI VIP\u00a0\u00bb est \u00e0 pr\u00e9senter \u00e0 l&rsquo;accueil. Carte nominative valable 1 an.<\/p>\n","protected":false},"excerpt":{"rendered":"<p>Je souhaite adh\u00e9rer \u00e0 l&rsquo;association \u00ab\u00a0Centre Artistique de Tom\u00a0\u00bb &#8211; BIBI COMEDIA<\/p>\n<p>Le montant pour l&rsquo;ann\u00e9e est de 20\u20ac pour la formule duo (couple).<\/p>\n<p>Votre carte d&rsquo;adh\u00e9rent vous sera remise lors de votre venue au th\u00e9\u00e2tre et vous donne droit \u00e0 :<\/p>\n<ul>\n<li>B\u00e9n\u00e9ficier du tarif r\u00e9duit adh\u00e9rent<\/li>\n<li>Pouvoir choisir votre emplacement dans la salle (place r\u00e9serv\u00e9es) &#8211; Plus besoin de venir trop en avance.<\/li>\n<li>1 soir\u00e9e VIP offerte (une invitation vous sera envoy\u00e9e avec la date et l&rsquo;heure du spectacle)<\/li>\n<\/ul>\n<p>La carte \u00ab\u00a0BIBI VIP\u00a0\u00bb est \u00e0 pr\u00e9senter \u00e0 l&rsquo;accueil. Carte nominative valable 1 an. <span class=\"read-more\"><a class=\"more-link btn btn-transparent\" href=\"https:\/\/www.bibicomedia.fr\/index.php\/produit\/carte-adherent-duo\/\"><\/a><\/span><\/p>\n","protected":false},"featured_media":6781,"template":"","meta":{"_coblocks_attr":"","_coblocks_dimensions":"","_coblocks_responsive_height":"","_coblocks_accordion_ie_support":"","_uag_custom_page_level_css":""},"product_cat":[141],"product_tag":[],"uagb_featured_image_src":{"full":["https:\/\/www.bibicomedia.fr\/wp-content\/uploads\/2023\/01\/Capture-decran-2023-01-17-a-11.49.03.png",488,484,false],"thumbnail":["https:\/\/www.bibicomedia.fr\/wp-content\/uploads\/2023\/01\/Capture-decran-2023-01-17-a-11.49.03-150x150.png",150,150,true],"medium":["https:\/\/www.bibicomedia.fr\/wp-content\/uploads\/2023\/01\/Capture-decran-2023-01-17-a-11.49.03-300x298.png",300,298,true],"medium_large":["https:\/\/www.bibicomedia.fr\/wp-content\/uploads\/2023\/01\/Capture-decran-2023-01-17-a-11.49.03.png",488,484,false],"large":["https:\/\/www.bibicomedia.fr\/wp-content\/uploads\/2023\/01\/Capture-decran-2023-01-17-a-11.49.03.png",488,484,false],"1536x1536":["https:\/\/www.bibicomedia.fr\/wp-content\/uploads\/2023\/01\/Capture-decran-2023-01-17-a-11.49.03.png",488,484,false],"2048x2048":["https:\/\/www.bibicomedia.fr\/wp-content\/uploads\/2023\/01\/Capture-decran-2023-01-17-a-11.49.03.png",488,484,false],"post-thumbnail":["https:\/\/www.bibicomedia.fr\/wp-content\/uploads\/2023\/01\/Capture-decran-2023-01-17-a-11.49.03-420x280.png",420,280,true],"rock-star-slider":["https:\/\/www.bibicomedia.fr\/wp-content\/uploads\/2023\/01\/Capture-decran-2023-01-17-a-11.49.03.png",488,484,false],"rock-star-featured":["https:\/\/www.bibicomedia.fr\/wp-content\/uploads\/2023\/01\/Capture-decran-2023-01-17-a-11.49.03.png",488,484,false],"rock-star-landscape":["https:\/\/www.bibicomedia.fr\/wp-content\/uploads\/2023\/01\/Capture-decran-2023-01-17-a-11.49.03-385x257.png",385,257,true],"rock-star-small":["https:\/\/www.bibicomedia.fr\/wp-content\/uploads\/2023\/01\/Capture-decran-2023-01-17-a-11.49.03-90x68.png",90,68,true],"woocommerce_thumbnail":["https:\/\/www.bibicomedia.fr\/wp-content\/uploads\/2023\/01\/Capture-decran-2023-01-17-a-11.49.03-300x300.png",300,300,true],"woocommerce_single":["https:\/\/www.bibicomedia.fr\/wp-content\/uploads\/2023\/01\/Capture-decran-2023-01-17-a-11.49.03.png",488,484,false],"woocommerce_gallery_thumbnail":["https:\/\/www.bibicomedia.fr\/wp-content\/uploads\/2023\/01\/Capture-decran-2023-01-17-a-11.49.03-100x100.png",100,100,true]},"uagb_author_info":{"display_name":"aurelie NICOLLET","author_link":"https:\/\/www.bibicomedia.fr\/index.php\/author\/"},"uagb_comment_info":0,"uagb_excerpt":"Je souhaite adh\u00e9rer \u00e0 l'association \"Centre Artistique de Tom\" - BIBI COMEDIA Le montant pour l'ann\u00e9e est de 20\u20ac pour la formule duo (couple). Votre carte d'adh\u00e9rent vous sera remise lors de votre venue au th\u00e9\u00e2tre et vous donne droit \u00e0 : B\u00e9n\u00e9ficier du tarif r\u00e9duit adh\u00e9rent Pouvoir choisir votre emplacement dans la salle (place\u2026","_links":{"self":[{"href":"https:\/\/www.bibicomedia.fr\/index.php\/wp-json\/wp\/v2\/product\/6780"}],"collection":[{"href":"https:\/\/www.bibicomedia.fr\/index.php\/wp-json\/wp\/v2\/product"}],"about":[{"href":"https:\/\/www.bibicomedia.fr\/index.php\/wp-json\/wp\/v2\/types\/product"}],"wp:featuredmedia":[{"embeddable":true,"href":"https:\/\/www.bibicomedia.fr\/index.php\/wp-json\/wp\/v2\/media\/6781"}],"wp:attachment":[{"href":"https:\/\/www.bibicomedia.fr\/index.php\/wp-json\/wp\/v2\/media?parent=6780"}],"wp:term":[{"taxonomy":"product_cat","embeddable":true,"href":"https:\/\/www.bibicomedia.fr\/index.php\/wp-json\/wp\/v2\/product_cat?post=6780"},{"taxonomy":"product_tag","embeddable":true,"href":"https:\/\/www.bibicomedia.fr\/index.php\/wp-json\/wp\/v2\/product_tag?post=6780"}],"curies":[{"name":"wp","href":"https:\/\/api.w.org\/{rel}","templated":true}]}}